{"id":117077,"date":"2026-04-28T12:18:04","date_gmt":"2026-04-28T12:18:04","guid":{"rendered":"https:\/\/northern-cyprus-property.com\/property\/ozel-terasli-luks-studyo-catma-kati\/"},"modified":"2026-04-28T12:18:04","modified_gmt":"2026-04-28T12:18:04","slug":"ozel-terasli-luks-studyo-catma-kati","status":"publish","type":"property","link":"https:\/\/northern-cyprus-property.com\/tr\/property\/ozel-terasli-luks-studyo-catma-kati\/","title":{"rendered":"\u00d6ZEL TERASLI L\u00dcKS ST\u00dcDYO \u00c7ATMA KATI"},"content":{"rendered":"<p>Durum: \u0130n\u015faat A\u015famas\u0131nda (Nisan 2027) | \u00d6d\u00fcn\u00e7: Mevcut<\/p>\n<p>&nbsp;<\/p>\n<p>Kuzey K\u0131br\u0131s&#8217;\u0131n en gelece\u011fe y\u00f6nelik projesi olan bu Merk\u00fcr tipi \u00e7at\u0131 kat\u0131 ev, do\u011fuya bakan manzaras\u0131yla muhte\u015fem g\u00fcn do\u011fumu manzaralar\u0131 sunar. Kompakt ya\u015fam ve devasa 36 m\u00b2&#8217;lik \u00f6zel \u00e7at\u0131 teras\u0131n\u0131 birle\u015ftiren bu m\u00fclk, modern ve \u00f6zg\u00fcr bir ya\u015fam tarz\u0131 i\u00e7in tasarlanm\u0131\u015ft\u0131r. <\/p>\n<p>&nbsp;<\/p>\n<p>Konum Avantajlar\u0131<\/p>\n<p>&#8211; Turistik Merkez: Sardunya K\u00f6rfezi, Camelot Plaj\u0131 ve Merit Hotels b\u00f6lgesine sadece birka\u00e7 dakika uzakl\u0131kta.<\/p>\n<p>&#8211; Stratejik Nokta: Kyrenia \u015fehir merkezine 22 dakika uzakl\u0131kta, do\u011fan\u0131n ve \u015fehir ya\u015fam\u0131n\u0131n tam kalbinde.<\/p>\n<p>&#8211; Sosyal Olanaklar: Yerdeki Nova Center, pazar, restoran ve spor salonuna \u00e7ok yak\u0131n konumdad\u0131r.<\/p>\n<p>&nbsp;<\/p>\n<p>M\u00fclk \u00d6zellikleri<\/p>\n<p>&#8211; Panoramik \u00c7at\u0131 Teras\u0131: 36 m\u00b2&#8217;lik \u00f6zel teras alan\u0131yla kesintisiz deniz ve da\u011f manzaralar\u0131.<\/p>\n<p>&#8211; Verimli Tasar\u0131m: 44 m\u00b2 kapal\u0131 alan, 12 m\u00b2 balkon ve toplam kullan\u0131m alan\u0131 92 m\u00b2.<\/p>\n<p>&#8211; Modern Teknikler: Hisense VRF klima sistemi, \u0130talyan ta\u015f mutfak tezgahlar\u0131 ve y\u00fcksek kaliteli i\u00e7 i\u015f\u00e7ilik.<\/p>\n<p>&nbsp;<\/p>\n<p>Yat\u0131r\u0131m \u0130\u00e7g\u00f6r\u00fcs\u00fc<\/p>\n<p>St\u00fcdyo \u00e7at\u0131 kat\u0131 daireleri, projede en y\u00fcksek kira h\u0131z\u0131na ve en k\u0131sa yat\u0131r\u0131m getiri s\u00fcresine sahip m\u00fclk tipidir. D\u00fc\u015f\u00fck giri\u015f maliyetleri ve y\u00fcksek talep potansiyeliyle hem k\u0131sa vadeli turist kiralamalar\u0131 hem de sermaye art\u0131\u015f\u0131 i\u00e7in idealdirler. <\/p>\n<p>&nbsp;<\/p>\n<p>ROI<\/p>\n<p>Tahmini y\u0131ll\u0131k kira geliri: \u00a312.425 (%7).<\/p>\n","protected":false},"excerpt":{"rendered":"<p>Durum: \u0130n\u015faat A\u015famas\u0131nda (Nisan 2027) | \u00d6d\u00fcn\u00e7: Mevcut &nbsp; Kuzey K\u0131br\u0131s&#8217;\u0131n en gelece\u011fe y\u00f6nelik projesi olan bu Merk\u00fcr tipi \u00e7at\u0131 kat\u0131 ev, do\u011fuya bakan manzaras\u0131yla muhte\u015fem g\u00fcn do\u011fumu manzaralar\u0131 sunar. Kompakt ya\u015fam ve devasa 36 m\u00b2&#8217;lik \u00f6zel \u00e7at\u0131 teras\u0131n\u0131 birle\u015ftiren bu m\u00fclk, modern ve \u00f6zg\u00fcr bir ya\u015fam tarz\u0131 i\u00e7in tasarlanm\u0131\u015ft\u0131r. &nbsp; Konum Avantajlar\u0131 &#8211; Turistik [&hellip;]<\/p>\n","protected":false},"author":4,"featured_media":0,"parent":0,"menu_order":0,"template":"","property_type":[442],"property_status":[423],"property_feature":[448,563,562,557],"property_label":[],"property_country":[421],"property_state":[],"property_city":[420],"property_area":[469],"class_list":["post-117077","property","type-property","status-publish","hentry","property_type-apartmanlar","property_status-satilik","property_feature-barbeku-alani","property_feature-dag-manzarasi","property_feature-deniz-manzarasi","property_feature-jenerator","property_country-kuzey-kibris","property_city-girne","property_area-lapta"],"property_meta":{"rank_math_internal_links_processed":["1"],"_last_translation_edit_mode":["translation-editor"],"fave_featured":["0"],"houzez_featured_listing_date":[""],"fave_property_images":["116014","116015","116016","116017","116018"],"fave_agent_display_option":["agent_info"],"fave_agents":["110507"],"_top_nav_excluded":[""],"_cms_nav_minihome":[""],"fave_property_price":["177500"],"fave_property_size":["44"],"fave_property_size_prefix":["m\u00b2"],"fave_property_land_postfix":["m\u00b2"],"fave_property_bedrooms":["1"],"fave_property_bathrooms":["1"],"fave_property_id":["SE535"],"fave_property_map":["1"],"fave_property_location":[""],"additional_features":["a:1:{i:0;a:2:{s:29:\"fave_additional_feature_title\";s:0:\"\";s:29:\"fave_additional_feature_value\";s:0:\"\";}}"],"floor_plans":["a:1:{i:0;a:8:{s:15:\"fave_plan_title\";s:0:\"\";s:15:\"fave_plan_rooms\";s:0:\"\";s:19:\"fave_plan_bathrooms\";s:0:\"\";s:15:\"fave_plan_price\";s:0:\"\";s:23:\"fave_plan_price_postfix\";s:0:\"\";s:14:\"fave_plan_size\";s:0:\"\";s:15:\"fave_plan_image\";s:0:\"\";s:21:\"fave_plan_description\";s:0:\"\";}}"],"_wpml_word_count":["245"],"houzez_total_property_views":["3"],"houzez_views_by_date":["a:2:{s:10:\"04-28-2026\";i:2;s:10:\"04-29-2026\";i:1;}"],"houzez_recently_viewed":["2026-04-29 03:25:45"],"_elementor_page_assets":["a:0:{}"]},"_links":{"self":[{"href":"https:\/\/northern-cyprus-property.com\/tr\/wp-json\/wp\/v2\/properties\/117077","targetHints":{"allow":["GET"]}}],"collection":[{"href":"https:\/\/northern-cyprus-property.com\/tr\/wp-json\/wp\/v2\/properties"}],"about":[{"href":"https:\/\/northern-cyprus-property.com\/tr\/wp-json\/wp\/v2\/types\/property"}],"author":[{"embeddable":true,"href":"https:\/\/northern-cyprus-property.com\/tr\/wp-json\/wp\/v2\/users\/4"}],"version-history":[{"count":0,"href":"https:\/\/northern-cyprus-property.com\/tr\/wp-json\/wp\/v2\/properties\/117077\/revisions"}],"wp:attachment":[{"href":"https:\/\/northern-cyprus-property.com\/tr\/wp-json\/wp\/v2\/media?parent=117077"}],"wp:term":[{"taxonomy":"property_type","embeddable":true,"href":"https:\/\/northern-cyprus-property.com\/tr\/wp-json\/wp\/v2\/property_type?post=117077"},{"taxonomy":"property_status","embeddable":true,"href":"https:\/\/northern-cyprus-property.com\/tr\/wp-json\/wp\/v2\/property_status?post=117077"},{"taxonomy":"property_feature","embeddable":true,"href":"https:\/\/northern-cyprus-property.com\/tr\/wp-json\/wp\/v2\/property_feature?post=117077"},{"taxonomy":"property_label","embeddable":true,"href":"https:\/\/northern-cyprus-property.com\/tr\/wp-json\/wp\/v2\/property_label?post=117077"},{"taxonomy":"property_country","embeddable":true,"href":"https:\/\/northern-cyprus-property.com\/tr\/wp-json\/wp\/v2\/property_country?post=117077"},{"taxonomy":"property_state","embeddable":true,"href":"https:\/\/northern-cyprus-property.com\/tr\/wp-json\/wp\/v2\/property_state?post=117077"},{"taxonomy":"property_city","embeddable":true,"href":"https:\/\/northern-cyprus-property.com\/tr\/wp-json\/wp\/v2\/property_city?post=117077"},{"taxonomy":"property_area","embeddable":true,"href":"https:\/\/northern-cyprus-property.com\/tr\/wp-json\/wp\/v2\/property_area?post=117077"}],"curies":[{"name":"wp","href":"https:\/\/api.w.org\/{rel}","templated":true}]}}